{"version":"1.0","provider_name":"Kulturno Informativni Centar Gospi\u0107","provider_url":"https:\/\/kic-gospic.eu\/novo","author_name":"Tomisl@v","author_url":"https:\/\/kic-gospic.eu\/novo\/author\/tomislv\/","title":"OTVORENA IZLO\u017dBA \u201ePOGLED S PLANINE\u201c | Kulturno Informativni Centar Gospi\u0107","type":"rich","width":600,"height":338,"html":"<blockquote class=\"wp-embedded-content\" data-secret=\"GsKB6WggJE\"><a href=\"https:\/\/kic-gospic.eu\/novo\/otvorena-izlozba-pogled-s-planine\/\">OTVORENA IZLO\u017dBA \u201ePOGLED S PLANINE\u201c<\/a><\/blockquote><iframe sandbox=\"allow-scripts\" security=\"restricted\" src=\"https:\/\/kic-gospic.eu\/novo\/otvorena-izlozba-pogled-s-planine\/embed\/#?secret=GsKB6WggJE\" width=\"600\" height=\"338\" title=\"&#8220;OTVORENA IZLO\u017dBA \u201ePOGLED S PLANINE\u201c&#8221; &#8212; Kulturno Informativni Centar Gospi\u0107\" data-secret=\"GsKB6WggJE\" frameborder=\"0\" marginwidth=\"0\" marginheight=\"0\" scrolling=\"no\" class=\"wp-embedded-content\"><\/iframe><script type=\"text\/javascript\">\n\/* <![CDATA[ *\/\n\/*! This file is auto-generated *\/\n!function(d,l){\"use strict\";l.querySelector&&d.addEventListener&&\"undefined\"!=typeof URL&&(d.wp=d.wp||{},d.wp.receiveEmbedMessage||(d.wp.receiveEmbedMessage=function(e){var t=e.data;if((t||t.secret||t.message||t.value)&&!\/[^a-zA-Z0-9]\/.test(t.secret)){for(var s,r,n,a=l.querySelectorAll('iframe[data-secret=\"'+t.secret+'\"]'),o=l.querySelectorAll('blockquote[data-secret=\"'+t.secret+'\"]'),c=new RegExp(\"^https?:$\",\"i\"),i=0;i<o.length;i++)o[i].style.display=\"none\";for(i=0;i<a.length;i++)s=a[i],e.source===s.contentWindow&&(s.removeAttribute(\"style\"),\"height\"===t.message?(1e3<(r=parseInt(t.value,10))?r=1e3:~~r<200&&(r=200),s.height=r):\"link\"===t.message&&(r=new URL(s.getAttribute(\"src\")),n=new URL(t.value),c.test(n.protocol))&&n.host===r.host&&l.activeElement===s&&(d.top.location.href=t.value))}},d.addEventListener(\"message\",d.wp.receiveEmbedMessage,!1),l.addEventListener(\"DOMContentLoaded\",function(){for(var e,t,s=l.querySelectorAll(\"iframe.wp-embedded-content\"),r=0;r<s.length;r++)(t=(e=s[r]).getAttribute(\"data-secret\"))||(t=Math.random().toString(36).substring(2,12),e.src+=\"#?secret=\"+t,e.setAttribute(\"data-secret\",t)),e.contentWindow.postMessage({message:\"ready\",secret:t},\"*\")},!1)))}(window,document);\n\/* ]]> *\/\n<\/script>\n","thumbnail_url":"https:\/\/kic-gospic.eu\/novo\/wp-content\/uploads\/2017\/02\/23-05-2016-SLO-Gospic-izlozba-AV-29.jpg","thumbnail_width":1280,"thumbnail_height":854,"description":"Sino\u0107 je u KIC-u Gospi\u0107, povodom obilje\u017eavanja Me\u0111unarodnog dana biolo\u0161ke raznolikosti i Dana za\u0161tite prirode u RH te Europskog dana Parkova, otvorena izlo\u017eba \u201ePogled s planine\u201c gospodina Ante Vuku\u0161i\u0107a, dugogodi\u0161njeg motritelja meteorolo\u0161ke postaje Zavi\u017ean, koji ima rijetku privilegiju \u201es vrha planine\u201c promatrati i kamerom \u201euloviti\u201c najrazli\u010ditije \u0107udi Velebita. Izlo\u017eba je organizirana u suradnji s NP [&hellip;]"}